{"id":17922,"date":"2025-08-12T09:01:47","date_gmt":"2025-08-12T07:01:47","guid":{"rendered":"https:\/\/www.arepoquality.eu\/?post_type=event&#038;p=17922"},"modified":"2025-08-12T09:23:59","modified_gmt":"2025-08-12T07:23:59","slug":"systemes-alimentaires-durables-et-innovants-le-regime-mediterraneen","status":"publish","type":"event","link":"https:\/\/www.arepoquality.eu\/es\/event\/systemes-alimentaires-durables-et-innovants-le-regime-mediterraneen\/","title":{"rendered":"Sistemas alimentarios sostenibles e innovadores: la dieta mediterr\u00e1nea"},"content":{"rendered":"\n<p>L&#8217;\u00e9v\u00e9nement consacr\u00e9 aux <a href=\"https:\/\/www.adriatic-ionian.eu\/event\/sustainable-and-innovative-food-systems-the-mediterranean-diet-as-a-tool-for-tourism-and-local-development-in-eusair-communities\/\" target=\"_blank\" rel=\"noreferrer noopener\">\u00ab Syst\u00e8mes alimentaires durables et innovants : le r\u00e9gime m\u00e9diterran\u00e9en comme outil de tourisme et de d\u00e9veloppement local dans les communaut\u00e9s EUSAIR \u00bb<\/a> aura lieu au Campus CIHEAM Bari \u00e0 Valenzano (Bari, Italie) les 29 et 30 septembre 2025.<\/p>\n\n\n\n<p>Organis\u00e9 par la pr\u00e9sidence EUSAIR de Mac\u00e9doine du Nord, le CIHEAM de Bari, la DG REGIO et l&#8217;EGP, en coop\u00e9ration avec la DG AGRI, la DG MARE, la DG GROW\/DG MOVE, cet \u00e9v\u00e9nement de deux jours se concentrera sur l&#8217;exploitation du r\u00e9gime m\u00e9diterran\u00e9en, reconnu par l&#8217;UNESCO et la FAO comme un outil strat\u00e9gique pour soutenir le tourisme durable, le d\u00e9veloppement rural, l&#8217;engagement des jeunes et l&#8217;innovation des syst\u00e8mes alimentaires dans la r\u00e9gion adriatique-ionienne. Le programme comprendra des panels de haut niveau, des ateliers interactifs et des pr\u00e9sentations de bonnes pratiques portant sur les sujets suivants&nbsp;:<\/p>\n\n\n\n<ul class=\"wp-block-list\">\n<li>Agrotourisme, \u00e9cotourisme et biodistricts<\/li>\n\n\n\n<li>Alimentation biologique, locale et de qualit\u00e9<\/li>\n\n\n\n<li>Jeunesse, comp\u00e9tences et outils num\u00e9riques dans l&#8217;alimentation et le tourisme<\/li>\n<\/ul>\n\n\n\n<p>L&#8217;AREPO a \u00e9t\u00e9 invit\u00e9e \u00e0 participer en tant qu&#8217;oratrice et suivra les travaux du nouveau projet phare EUSAIR.<\/p>\n\n\n\n<p>Si vous \u00eates int\u00e9ress\u00e9 \u00e0 participer, vous pouvez vous inscrire au lien suivant, o\u00f9 vous trouverez \u00e9galement de plus amples informations sur l&#8217;ordre du jour et les h\u00e9bergements possibles&nbsp;:&nbsp;<a href=\"https:\/\/www.adriatic-ionian.eu\/event\/sustainable-and-innovative-food-systems-the-mediterranean-diet-as-a-tool-for-tourism-and-local-development-in-eusair-communities\/\">https:\/\/www.adriatic-ionian.eu\/event\/sustainable-and-innovative-food-systems-the-mediterranean-diet-as-a-tool-for-tourism-and-local-development-in-eusair-communities\/<\/a><\/p>\n\n\n\n<p><\/p>\n","protected":false},"featured_media":0,"template":"","category_event":[32,371],"class_list":["post-17922","event","type-event","status-publish","hentry","category_event-eventos-organizaciones-asociadas","category_event-arepo-participation-es"],"acf":[],"yoast_head":"<!-- This site is optimized with the Yoast SEO plugin v27.5 - https:\/\/yoast.com\/product\/yoast-seo-wordpress\/ -->\n<title>Sistemas alimentarios sostenibles e innovadores: la dieta mediterr\u00e1nea - AREPO<\/title>\n<meta name=\"robots\" content=\"index, follow, max-snippet:-1, max-image-preview:large, max-video-preview:-1\" \/>\n<link rel=\"canonical\" href=\"https:\/\/www.arepoquality.eu\/es\/event\/systemes-alimentaires-durables-et-innovants-le-regime-mediterraneen\/\" \/>\n<meta property=\"og:locale\" content=\"es_ES\" \/>\n<meta property=\"og:type\" content=\"article\" \/>\n<meta property=\"og:title\" content=\"Sistemas alimentarios sostenibles e innovadores: la dieta mediterr\u00e1nea - AREPO\" \/>\n<meta property=\"og:description\" content=\"L&#8217;\u00e9v\u00e9nement consacr\u00e9 aux \u00ab Syst\u00e8mes alimentaires durables et innovants : le r\u00e9gime m\u00e9diterran\u00e9en comme outil de tourisme et de d\u00e9veloppement local dans les communaut\u00e9s EUSAIR \u00bb aura lieu au Campus CIHEAM Bari \u00e0 Valenzano (Bari, Italie) les 29 et 30 septembre 2025. Organis\u00e9 par la pr\u00e9sidence EUSAIR de Mac\u00e9doine du Nord, le CIHEAM de Bari, [&hellip;]\" \/>\n<meta property=\"og:url\" content=\"https:\/\/www.arepoquality.eu\/es\/event\/systemes-alimentaires-durables-et-innovants-le-regime-mediterraneen\/\" \/>\n<meta property=\"og:site_name\" content=\"AREPO\" \/>\n<meta property=\"article:publisher\" content=\"https:\/\/www.facebook.com\/arepoquality\/\" \/>\n<meta property=\"article:modified_time\" content=\"2025-08-12T07:23:59+00:00\" \/>\n<meta name=\"twitter:card\" content=\"summary_large_image\" \/>\n<meta name=\"twitter:site\" content=\"@arepoquality_eu\" \/>\n<meta name=\"twitter:label1\" content=\"Tiempo de lectura\" \/>\n\t<meta name=\"twitter:data1\" content=\"1 minuto\" \/>\n<script type=\"application\/ld+json\" class=\"yoast-schema-graph\">{\"@context\":\"https:\\\/\\\/schema.org\",\"@graph\":[{\"@type\":\"WebPage\",\"@id\":\"https:\\\/\\\/www.arepoquality.eu\\\/es\\\/event\\\/systemes-alimentaires-durables-et-innovants-le-regime-mediterraneen\\\/\",\"url\":\"https:\\\/\\\/www.arepoquality.eu\\\/es\\\/event\\\/systemes-alimentaires-durables-et-innovants-le-regime-mediterraneen\\\/\",\"name\":\"Sistemas alimentarios sostenibles e innovadores: la dieta mediterr\u00e1nea - AREPO\",\"isPartOf\":{\"@id\":\"https:\\\/\\\/www.arepoquality.eu\\\/#website\"},\"datePublished\":\"2025-08-12T07:01:47+00:00\",\"dateModified\":\"2025-08-12T07:23:59+00:00\",\"breadcrumb\":{\"@id\":\"https:\\\/\\\/www.arepoquality.eu\\\/es\\\/event\\\/systemes-alimentaires-durables-et-innovants-le-regime-mediterraneen\\\/#breadcrumb\"},\"inLanguage\":\"es\",\"potentialAction\":[{\"@type\":\"ReadAction\",\"target\":[\"https:\\\/\\\/www.arepoquality.eu\\\/es\\\/event\\\/systemes-alimentaires-durables-et-innovants-le-regime-mediterraneen\\\/\"]}]},{\"@type\":\"BreadcrumbList\",\"@id\":\"https:\\\/\\\/www.arepoquality.eu\\\/es\\\/event\\\/systemes-alimentaires-durables-et-innovants-le-regime-mediterraneen\\\/#breadcrumb\",\"itemListElement\":[{\"@type\":\"ListItem\",\"position\":1,\"name\":\"Home\",\"item\":\"https:\\\/\\\/www.arepoquality.eu\\\/\"},{\"@type\":\"ListItem\",\"position\":2,\"name\":\"Sistemas alimentarios sostenibles e innovadores: la dieta mediterr\u00e1nea\"}]},{\"@type\":\"WebSite\",\"@id\":\"https:\\\/\\\/www.arepoquality.eu\\\/#website\",\"url\":\"https:\\\/\\\/www.arepoquality.eu\\\/\",\"name\":\"AREPO\",\"description\":\"\",\"publisher\":{\"@id\":\"https:\\\/\\\/www.arepoquality.eu\\\/#organization\"},\"potentialAction\":[{\"@type\":\"SearchAction\",\"target\":{\"@type\":\"EntryPoint\",\"urlTemplate\":\"https:\\\/\\\/www.arepoquality.eu\\\/?s={search_term_string}\"},\"query-input\":{\"@type\":\"PropertyValueSpecification\",\"valueRequired\":true,\"valueName\":\"search_term_string\"}}],\"inLanguage\":\"es\"},{\"@type\":\"Organization\",\"@id\":\"https:\\\/\\\/www.arepoquality.eu\\\/#organization\",\"name\":\"AREPO\",\"url\":\"https:\\\/\\\/www.arepoquality.eu\\\/\",\"logo\":{\"@type\":\"ImageObject\",\"inLanguage\":\"es\",\"@id\":\"https:\\\/\\\/www.arepoquality.eu\\\/#\\\/schema\\\/logo\\\/image\\\/\",\"url\":\"https:\\\/\\\/www.arepoquality.eu\\\/wp-content\\\/uploads\\\/2024\\\/05\\\/arepo.jpg\",\"contentUrl\":\"https:\\\/\\\/www.arepoquality.eu\\\/wp-content\\\/uploads\\\/2024\\\/05\\\/arepo.jpg\",\"width\":1113,\"height\":705,\"caption\":\"AREPO\"},\"image\":{\"@id\":\"https:\\\/\\\/www.arepoquality.eu\\\/#\\\/schema\\\/logo\\\/image\\\/\"},\"sameAs\":[\"https:\\\/\\\/www.facebook.com\\\/arepoquality\\\/\",\"https:\\\/\\\/x.com\\\/arepoquality_eu\",\"https:\\\/\\\/www.linkedin.com\\\/company\\\/arepoquality\\\/?viewAsMember=true\"]}]}<\/script>\n<!-- \/ Yoast SEO plugin. -->","yoast_head_json":{"title":"Sistemas alimentarios sostenibles e innovadores: la dieta mediterr\u00e1nea - AREPO","robots":{"index":"index","follow":"follow","max-snippet":"max-snippet:-1","max-image-preview":"max-image-preview:large","max-video-preview":"max-video-preview:-1"},"canonical":"https:\/\/www.arepoquality.eu\/es\/event\/systemes-alimentaires-durables-et-innovants-le-regime-mediterraneen\/","og_locale":"es_ES","og_type":"article","og_title":"Sistemas alimentarios sostenibles e innovadores: la dieta mediterr\u00e1nea - AREPO","og_description":"L&#8217;\u00e9v\u00e9nement consacr\u00e9 aux \u00ab Syst\u00e8mes alimentaires durables et innovants : le r\u00e9gime m\u00e9diterran\u00e9en comme outil de tourisme et de d\u00e9veloppement local dans les communaut\u00e9s EUSAIR \u00bb aura lieu au Campus CIHEAM Bari \u00e0 Valenzano (Bari, Italie) les 29 et 30 septembre 2025. Organis\u00e9 par la pr\u00e9sidence EUSAIR de Mac\u00e9doine du Nord, le CIHEAM de Bari, [&hellip;]","og_url":"https:\/\/www.arepoquality.eu\/es\/event\/systemes-alimentaires-durables-et-innovants-le-regime-mediterraneen\/","og_site_name":"AREPO","article_publisher":"https:\/\/www.facebook.com\/arepoquality\/","article_modified_time":"2025-08-12T07:23:59+00:00","twitter_card":"summary_large_image","twitter_site":"@arepoquality_eu","twitter_misc":{"Tiempo de lectura":"1 minuto"},"schema":{"@context":"https:\/\/schema.org","@graph":[{"@type":"WebPage","@id":"https:\/\/www.arepoquality.eu\/es\/event\/systemes-alimentaires-durables-et-innovants-le-regime-mediterraneen\/","url":"https:\/\/www.arepoquality.eu\/es\/event\/systemes-alimentaires-durables-et-innovants-le-regime-mediterraneen\/","name":"Sistemas alimentarios sostenibles e innovadores: la dieta mediterr\u00e1nea - AREPO","isPartOf":{"@id":"https:\/\/www.arepoquality.eu\/#website"},"datePublished":"2025-08-12T07:01:47+00:00","dateModified":"2025-08-12T07:23:59+00:00","breadcrumb":{"@id":"https:\/\/www.arepoquality.eu\/es\/event\/systemes-alimentaires-durables-et-innovants-le-regime-mediterraneen\/#breadcrumb"},"inLanguage":"es","potentialAction":[{"@type":"ReadAction","target":["https:\/\/www.arepoquality.eu\/es\/event\/systemes-alimentaires-durables-et-innovants-le-regime-mediterraneen\/"]}]},{"@type":"BreadcrumbList","@id":"https:\/\/www.arepoquality.eu\/es\/event\/systemes-alimentaires-durables-et-innovants-le-regime-mediterraneen\/#breadcrumb","itemListElement":[{"@type":"ListItem","position":1,"name":"Home","item":"https:\/\/www.arepoquality.eu\/"},{"@type":"ListItem","position":2,"name":"Sistemas alimentarios sostenibles e innovadores: la dieta mediterr\u00e1nea"}]},{"@type":"WebSite","@id":"https:\/\/www.arepoquality.eu\/#website","url":"https:\/\/www.arepoquality.eu\/","name":"AREPO","description":"","publisher":{"@id":"https:\/\/www.arepoquality.eu\/#organization"},"potentialAction":[{"@type":"SearchAction","target":{"@type":"EntryPoint","urlTemplate":"https:\/\/www.arepoquality.eu\/?s={search_term_string}"},"query-input":{"@type":"PropertyValueSpecification","valueRequired":true,"valueName":"search_term_string"}}],"inLanguage":"es"},{"@type":"Organization","@id":"https:\/\/www.arepoquality.eu\/#organization","name":"AREPO","url":"https:\/\/www.arepoquality.eu\/","logo":{"@type":"ImageObject","inLanguage":"es","@id":"https:\/\/www.arepoquality.eu\/#\/schema\/logo\/image\/","url":"https:\/\/www.arepoquality.eu\/wp-content\/uploads\/2024\/05\/arepo.jpg","contentUrl":"https:\/\/www.arepoquality.eu\/wp-content\/uploads\/2024\/05\/arepo.jpg","width":1113,"height":705,"caption":"AREPO"},"image":{"@id":"https:\/\/www.arepoquality.eu\/#\/schema\/logo\/image\/"},"sameAs":["https:\/\/www.facebook.com\/arepoquality\/","https:\/\/x.com\/arepoquality_eu","https:\/\/www.linkedin.com\/company\/arepoquality\/?viewAsMember=true"]}]}},"_links":{"self":[{"href":"https:\/\/www.arepoquality.eu\/es\/wp-json\/wp\/v2\/event\/17922","targetHints":{"allow":["GET"]}}],"collection":[{"href":"https:\/\/www.arepoquality.eu\/es\/wp-json\/wp\/v2\/event"}],"about":[{"href":"https:\/\/www.arepoquality.eu\/es\/wp-json\/wp\/v2\/types\/event"}],"wp:attachment":[{"href":"https:\/\/www.arepoquality.eu\/es\/wp-json\/wp\/v2\/media?parent=17922"}],"wp:term":[{"taxonomy":"category_event","embeddable":true,"href":"https:\/\/www.arepoquality.eu\/es\/wp-json\/wp\/v2\/category_event?post=17922"}],"curies":[{"name":"wp","href":"https:\/\/api.w.org\/{rel}","templated":true}]}}